{"id":966,"date":"2025-01-28T03:11:28","date_gmt":"2025-01-28T03:11:28","guid":{"rendered":"http:\/\/web.lamolina.edu.pe\/unidad_posgradofep\/maestria_administracion\/?page_id=966"},"modified":"2026-01-23T15:03:46","modified_gmt":"2026-01-23T15:03:46","slug":"plana-docente","status":"publish","type":"page","link":"https:\/\/wp.lamolina.edu.pe\/unidad_posgradofep\/maestria_administracion\/?page_id=966","title":{"rendered":"Plana Docente"},"content":{"rendered":"\t\t<div data-elementor-type=\"wp-page\" data-elementor-id=\"966\" class=\"elementor elementor-966\" data-elementor-post-type=\"page\">\n\t\t\t\t\t\t<section class=\"elementor-section elementor-top-section elementor-element elementor-element-834e9f9 elementor-section-boxed elementor-section-height-default elementor-section-height-default\" data-id=\"834e9f9\" data-element_type=\"section\" data-settings=\"{&quot;background_background&quot;:&quot;gradient&quot;}\">\n\t\t\t\t\t\t<div class=\"elementor-container elementor-column-gap-default\">\n\t\t\t\t\t<div class=\"elementor-column elementor-col-100 elementor-top-column elementor-element elementor-element-0a07c43\" data-id=\"0a07c43\" data-element_type=\"column\">\n\t\t\t<div class=\"elementor-widget-wrap elementor-element-populated\">\n\t\t\t\t\t\t<div class=\"elementor-element elementor-element-f7054af elementor-widget elementor-widget-heading\" data-id=\"f7054af\" data-element_type=\"widget\" data-widget_type=\"heading.default\">\n\t\t\t\t<div class=\"elementor-widget-container\">\n\t\t\t\t\t<h2 class=\"elementor-heading-title elementor-size-default\">Conoce a nuestros docentes l\u00edderes en su campo<\/h2>\t\t\t\t<\/div>\n\t\t\t\t<\/div>\n\t\t\t\t<div class=\"elementor-element elementor-element-7d7c110 elementor-widget elementor-widget-text-editor\" data-id=\"7d7c110\" data-element_type=\"widget\" data-widget_type=\"text-editor.default\">\n\t\t\t\t<div class=\"elementor-widget-container\">\n\t\t\t\t\t\t\t\t\t<p style=\"text-align: center;\">Con experiencia internacional y una visi\u00f3n pr\u00e1ctica, la plana docente de la Maestr\u00eda en Administraci\u00f3n te guiar\u00e1 hacia un aprendizaje transformador.<\/p>\t\t\t\t\t\t\t\t<\/div>\n\t\t\t\t<\/div>\n\t\t\t\t\t<\/div>\n\t\t<\/div>\n\t\t\t\t\t<\/div>\n\t\t<\/section>\n\t\t\t\t<section class=\"elementor-section elementor-top-section elementor-element elementor-element-1df9a33 elementor-section-boxed elementor-section-height-default elementor-section-height-default\" data-id=\"1df9a33\" data-element_type=\"section\">\n\t\t\t\t\t\t<div class=\"elementor-container elementor-column-gap-default\">\n\t\t\t\t\t<div class=\"elementor-column elementor-col-33 elementor-top-column elementor-element elementor-element-044a0b4\" data-id=\"044a0b4\" data-element_type=\"column\">\n\t\t\t<div class=\"elementor-widget-wrap elementor-element-populated\">\n\t\t\t\t\t\t<div class=\"elementor-element elementor-element-e549aac elementor-widget elementor-widget-image\" data-id=\"e549aac\" data-element_type=\"widget\" data-widget_type=\"image.default\">\n\t\t\t\t<div class=\"elementor-widget-container\">\n\t\t\t\t\t\t\t\t\t\t\t\t\t\t\t<img fetchpriority=\"high\" decoding=\"async\" width=\"1080\" height=\"1080\" src=\"https:\/\/wp.lamolina.edu.pe\/unidad_posgradofep\/maestria_administracion\/wp-content\/uploads\/2025\/01\/Profesores-1X1B.jpg\" class=\"attachment-full size-full wp-image-733\" alt=\"\" srcset=\"https:\/\/wp.lamolina.edu.pe\/unidad_posgradofep\/maestria_administracion\/wp-content\/uploads\/2025\/01\/Profesores-1X1B.jpg 1080w, https:\/\/wp.lamolina.edu.pe\/unidad_posgradofep\/maestria_administracion\/wp-content\/uploads\/2025\/01\/Profesores-1X1B-300x300.jpg 300w, https:\/\/wp.lamolina.edu.pe\/unidad_posgradofep\/maestria_administracion\/wp-content\/uploads\/2025\/01\/Profesores-1X1B-1024x1024.jpg 1024w, https:\/\/wp.lamolina.edu.pe\/unidad_posgradofep\/maestria_administracion\/wp-content\/uploads\/2025\/01\/Profesores-1X1B-150x150.jpg 150w, https:\/\/wp.lamolina.edu.pe\/unidad_posgradofep\/maestria_administracion\/wp-content\/uploads\/2025\/01\/Profesores-1X1B-768x768.jpg 768w, https:\/\/wp.lamolina.edu.pe\/unidad_posgradofep\/maestria_administracion\/wp-content\/uploads\/2025\/01\/Profesores-1X1B-980x980.jpg 980w, https:\/\/wp.lamolina.edu.pe\/unidad_posgradofep\/maestria_administracion\/wp-content\/uploads\/2025\/01\/Profesores-1X1B-480x480.jpg 480w\" sizes=\"(max-width: 1080px) 100vw, 1080px\" \/>\t\t\t\t\t\t\t\t\t\t\t\t\t\t\t<\/div>\n\t\t\t\t<\/div>\n\t\t\t\t<div class=\"elementor-element elementor-element-98e3a8c elementor-widget elementor-widget-heading\" data-id=\"98e3a8c\" data-element_type=\"widget\" data-widget_type=\"heading.default\">\n\t\t\t\t<div class=\"elementor-widget-container\">\n\t\t\t\t\t<h2 class=\"elementor-heading-title elementor-size-default\">Dra. Elvira C\u00e1ceres Cayllahua<\/h2>\t\t\t\t<\/div>\n\t\t\t\t<\/div>\n\t\t\t\t<div class=\"elementor-element elementor-element-e8381ef elementor-widget elementor-widget-text-editor\" data-id=\"e8381ef\" data-element_type=\"widget\" data-widget_type=\"text-editor.default\">\n\t\t\t\t<div class=\"elementor-widget-container\">\n\t\t\t\t\t\t\t\t\t<p>Coordinadora de la Maestr\u00eda.<\/p>\t\t\t\t\t\t\t\t<\/div>\n\t\t\t\t<\/div>\n\t\t\t\t<div class=\"elementor-element elementor-element-9128237 elementor-widget elementor-widget-text-editor\" data-id=\"9128237\" data-element_type=\"widget\" data-widget_type=\"text-editor.default\">\n\t\t\t\t<div class=\"elementor-widget-container\">\n\t\t\t\t\t\t\t\t\t<p>Docente con m\u00e1s de 8 a\u00f1os de experiencia en la docencia universitaria. Investigadora RENACYT con publicaciones en revistas de alto impacto como Scopus. Su formaci\u00f3n acad\u00e9mica se ha realizado en instituciones como: Universidad Nacional Agraria la Molina \u2013 UNALM; Universidad Cat\u00f3licadel Per\u00fa-PUCP; Universidad Nacional de Ingenier\u00eda-UNI. Los grados obtenidos son: Ingenier\u00eda en Gesti\u00f3n Empresarial; Magister con menci\u00f3n en Proyectos de Inversi\u00f3n, Doctor en Administraci\u00f3n.<\/p>\t\t\t\t\t\t\t\t<\/div>\n\t\t\t\t<\/div>\n\t\t\t\t\t<\/div>\n\t\t<\/div>\n\t\t\t\t<div class=\"elementor-column elementor-col-33 elementor-top-column elementor-element elementor-element-27e9944\" data-id=\"27e9944\" data-element_type=\"column\">\n\t\t\t<div class=\"elementor-widget-wrap elementor-element-populated\">\n\t\t\t\t\t\t<div class=\"elementor-element elementor-element-c75653c elementor-widget elementor-widget-image\" data-id=\"c75653c\" data-element_type=\"widget\" data-widget_type=\"image.default\">\n\t\t\t\t<div class=\"elementor-widget-container\">\n\t\t\t\t\t\t\t\t\t\t\t\t\t\t\t<img decoding=\"async\" width=\"1080\" height=\"1080\" src=\"https:\/\/wp.lamolina.edu.pe\/unidad_posgradofep\/maestria_administracion\/wp-content\/uploads\/2025\/01\/Profesores-1X1D.jpg\" class=\"attachment-full size-full wp-image-735\" alt=\"\" srcset=\"https:\/\/wp.lamolina.edu.pe\/unidad_posgradofep\/maestria_administracion\/wp-content\/uploads\/2025\/01\/Profesores-1X1D.jpg 1080w, https:\/\/wp.lamolina.edu.pe\/unidad_posgradofep\/maestria_administracion\/wp-content\/uploads\/2025\/01\/Profesores-1X1D-300x300.jpg 300w, https:\/\/wp.lamolina.edu.pe\/unidad_posgradofep\/maestria_administracion\/wp-content\/uploads\/2025\/01\/Profesores-1X1D-1024x1024.jpg 1024w, https:\/\/wp.lamolina.edu.pe\/unidad_posgradofep\/maestria_administracion\/wp-content\/uploads\/2025\/01\/Profesores-1X1D-150x150.jpg 150w, https:\/\/wp.lamolina.edu.pe\/unidad_posgradofep\/maestria_administracion\/wp-content\/uploads\/2025\/01\/Profesores-1X1D-768x768.jpg 768w, https:\/\/wp.lamolina.edu.pe\/unidad_posgradofep\/maestria_administracion\/wp-content\/uploads\/2025\/01\/Profesores-1X1D-980x980.jpg 980w, https:\/\/wp.lamolina.edu.pe\/unidad_posgradofep\/maestria_administracion\/wp-content\/uploads\/2025\/01\/Profesores-1X1D-480x480.jpg 480w\" sizes=\"(max-width: 1080px) 100vw, 1080px\" \/>\t\t\t\t\t\t\t\t\t\t\t\t\t\t\t<\/div>\n\t\t\t\t<\/div>\n\t\t\t\t<div class=\"elementor-element elementor-element-505f6b6 elementor-widget elementor-widget-heading\" data-id=\"505f6b6\" data-element_type=\"widget\" data-widget_type=\"heading.default\">\n\t\t\t\t<div class=\"elementor-widget-container\">\n\t\t\t\t\t<h2 class=\"elementor-heading-title elementor-size-default\">Dr. Ampelio Ferrando Perea<\/h2>\t\t\t\t<\/div>\n\t\t\t\t<\/div>\n\t\t\t\t<div class=\"elementor-element elementor-element-f0e9200 elementor-widget elementor-widget-text-editor\" data-id=\"f0e9200\" data-element_type=\"widget\" data-widget_type=\"text-editor.default\">\n\t\t\t\t<div class=\"elementor-widget-container\">\n\t\t\t\t\t\t\t\t\t<p>Docente investigador en temas de An\u00e1lisis de factores motivacionales y satisfacci\u00f3n del cliente, Modelo de administraci\u00f3n y auditor\u00eda del merchandising, capacitaci\u00f3n en el desarrollo de habilidades gerenciales, clima organizacional en el estr\u00e9s laboral, cultura organizacional de las empresas de servicios entre otros. Su formaci\u00f3n acad\u00e9mica se ha realizado en instituciones como: Universidad Nacional de la Amazon\u00eda Peruana, Universidad De Lima, Universidad Nacional Federico Villarreal, Universidad Nacional Mayor de San Marcos. Los grados obtenidos son: Licenciado en Administraci\u00f3n, Maestro en Administraci\u00f3n de la Educaci\u00f3n, Doctor en Administraci\u00f3n.<\/p>\t\t\t\t\t\t\t\t<\/div>\n\t\t\t\t<\/div>\n\t\t\t\t\t<\/div>\n\t\t<\/div>\n\t\t\t\t<div class=\"elementor-column elementor-col-33 elementor-top-column elementor-element elementor-element-1080d20\" data-id=\"1080d20\" data-element_type=\"column\">\n\t\t\t<div class=\"elementor-widget-wrap elementor-element-populated\">\n\t\t\t\t\t\t<div class=\"elementor-element elementor-element-819ea6d elementor-widget elementor-widget-image\" data-id=\"819ea6d\" data-element_type=\"widget\" data-widget_type=\"image.default\">\n\t\t\t\t<div class=\"elementor-widget-container\">\n\t\t\t\t\t\t\t\t\t\t\t\t\t\t\t<img decoding=\"async\" width=\"1080\" height=\"1080\" src=\"https:\/\/wp.lamolina.edu.pe\/unidad_posgradofep\/maestria_administracion\/wp-content\/uploads\/2025\/01\/Profesores-1X1C.jpg\" class=\"attachment-full size-full wp-image-734\" alt=\"\" srcset=\"https:\/\/wp.lamolina.edu.pe\/unidad_posgradofep\/maestria_administracion\/wp-content\/uploads\/2025\/01\/Profesores-1X1C.jpg 1080w, https:\/\/wp.lamolina.edu.pe\/unidad_posgradofep\/maestria_administracion\/wp-content\/uploads\/2025\/01\/Profesores-1X1C-300x300.jpg 300w, https:\/\/wp.lamolina.edu.pe\/unidad_posgradofep\/maestria_administracion\/wp-content\/uploads\/2025\/01\/Profesores-1X1C-1024x1024.jpg 1024w, https:\/\/wp.lamolina.edu.pe\/unidad_posgradofep\/maestria_administracion\/wp-content\/uploads\/2025\/01\/Profesores-1X1C-150x150.jpg 150w, https:\/\/wp.lamolina.edu.pe\/unidad_posgradofep\/maestria_administracion\/wp-content\/uploads\/2025\/01\/Profesores-1X1C-768x768.jpg 768w, https:\/\/wp.lamolina.edu.pe\/unidad_posgradofep\/maestria_administracion\/wp-content\/uploads\/2025\/01\/Profesores-1X1C-980x980.jpg 980w, https:\/\/wp.lamolina.edu.pe\/unidad_posgradofep\/maestria_administracion\/wp-content\/uploads\/2025\/01\/Profesores-1X1C-480x480.jpg 480w\" sizes=\"(max-width: 1080px) 100vw, 1080px\" \/>\t\t\t\t\t\t\t\t\t\t\t\t\t\t\t<\/div>\n\t\t\t\t<\/div>\n\t\t\t\t<div class=\"elementor-element elementor-element-9351680 elementor-widget elementor-widget-heading\" data-id=\"9351680\" data-element_type=\"widget\" data-widget_type=\"heading.default\">\n\t\t\t\t<div class=\"elementor-widget-container\">\n\t\t\t\t\t<h2 class=\"elementor-heading-title elementor-size-default\">MBA Carlos Alberto Guerrero L\u00f3pez<\/h2>\t\t\t\t<\/div>\n\t\t\t\t<\/div>\n\t\t\t\t<div class=\"elementor-element elementor-element-1706b3f elementor-widget elementor-widget-text-editor\" data-id=\"1706b3f\" data-element_type=\"widget\" data-widget_type=\"text-editor.default\">\n\t\t\t\t<div class=\"elementor-widget-container\">\n\t\t\t\t\t\t\t\t\t<p>Docente investigador con publicaciones en revistas indexadas en temas de finanzas y banca. Con amplia experiencia laboral en Finanzas y Direcci\u00f3n de Empresas, con cargos de Gerente General, Gerente Administrativo Financiero, director de Mesa de Negociaci\u00f3n, etc. Su formaci\u00f3n acad\u00e9mica se ha realizado en instituciones como la Universidad de Sevilla \u2013 Espa\u00f1a, European Open Business School \u2013 Universidad De Alcal\u00e1- Madrid \u2013 Espa\u00f1a, ESAN Graduate School of Business y la Universidad de Lima. Los grados obtenidos son: Economista, Magister en Administraci\u00f3n, M\u00e1ster De Alta Direcci\u00f3n Empresarial (MBA).<\/p>\t\t\t\t\t\t\t\t<\/div>\n\t\t\t\t<\/div>\n\t\t\t\t\t<\/div>\n\t\t<\/div>\n\t\t\t\t\t<\/div>\n\t\t<\/section>\n\t\t\t\t<section class=\"elementor-section elementor-top-section elementor-element elementor-element-b6d0b06 elementor-section-boxed elementor-section-height-default elementor-section-height-default\" data-id=\"b6d0b06\" data-element_type=\"section\">\n\t\t\t\t\t\t<div class=\"elementor-container elementor-column-gap-default\">\n\t\t\t\t\t<div class=\"elementor-column elementor-col-33 elementor-top-column elementor-element elementor-element-7e59df1\" data-id=\"7e59df1\" data-element_type=\"column\">\n\t\t\t<div class=\"elementor-widget-wrap elementor-element-populated\">\n\t\t\t\t\t\t<div class=\"elementor-element elementor-element-339edbf elementor-widget elementor-widget-image\" data-id=\"339edbf\" data-element_type=\"widget\" data-widget_type=\"image.default\">\n\t\t\t\t<div class=\"elementor-widget-container\">\n\t\t\t\t\t\t\t\t\t\t\t\t\t\t\t<img loading=\"lazy\" decoding=\"async\" width=\"1080\" height=\"1080\" src=\"https:\/\/wp.lamolina.edu.pe\/unidad_posgradofep\/maestria_administracion\/wp-content\/uploads\/2025\/01\/Profesores-1X1_AA.jpg\" class=\"attachment-full size-full wp-image-732\" alt=\"\" srcset=\"https:\/\/wp.lamolina.edu.pe\/unidad_posgradofep\/maestria_administracion\/wp-content\/uploads\/2025\/01\/Profesores-1X1_AA.jpg 1080w, https:\/\/wp.lamolina.edu.pe\/unidad_posgradofep\/maestria_administracion\/wp-content\/uploads\/2025\/01\/Profesores-1X1_AA-300x300.jpg 300w, https:\/\/wp.lamolina.edu.pe\/unidad_posgradofep\/maestria_administracion\/wp-content\/uploads\/2025\/01\/Profesores-1X1_AA-1024x1024.jpg 1024w, https:\/\/wp.lamolina.edu.pe\/unidad_posgradofep\/maestria_administracion\/wp-content\/uploads\/2025\/01\/Profesores-1X1_AA-150x150.jpg 150w, https:\/\/wp.lamolina.edu.pe\/unidad_posgradofep\/maestria_administracion\/wp-content\/uploads\/2025\/01\/Profesores-1X1_AA-768x768.jpg 768w, https:\/\/wp.lamolina.edu.pe\/unidad_posgradofep\/maestria_administracion\/wp-content\/uploads\/2025\/01\/Profesores-1X1_AA-980x980.jpg 980w, https:\/\/wp.lamolina.edu.pe\/unidad_posgradofep\/maestria_administracion\/wp-content\/uploads\/2025\/01\/Profesores-1X1_AA-480x480.jpg 480w\" sizes=\"(max-width: 1080px) 100vw, 1080px\" \/>\t\t\t\t\t\t\t\t\t\t\t\t\t\t\t<\/div>\n\t\t\t\t<\/div>\n\t\t\t\t<div class=\"elementor-element elementor-element-42324a1 elementor-widget elementor-widget-heading\" data-id=\"42324a1\" data-element_type=\"widget\" data-widget_type=\"heading.default\">\n\t\t\t\t<div class=\"elementor-widget-container\">\n\t\t\t\t\t<h2 class=\"elementor-heading-title elementor-size-default\">Dr. Pedro Ricardo Quiroz Quezada<\/h2>\t\t\t\t<\/div>\n\t\t\t\t<\/div>\n\t\t\t\t<div class=\"elementor-element elementor-element-cbf2517 elementor-widget elementor-widget-text-editor\" data-id=\"cbf2517\" data-element_type=\"widget\" data-widget_type=\"text-editor.default\">\n\t\t\t\t<div class=\"elementor-widget-container\">\n\t\t\t\t\t\t\t\t\t<p>Docente con m\u00e1s de 25 a\u00f1os de experiencia como Contador General en empresas comerciales y de servicios; Consultor empresarial en \u00e1reas administrativas y financieras; auditor independiente. Con amplio dominio de t\u00e9cnicas y herramientas de planeamiento, gesti\u00f3n financiera y presupuestal, herramientas inform\u00e1ticas aplicadas a la gesti\u00f3n de empresas. Su formaci\u00f3n acad\u00e9mica la ha realizado en instituciones como: Universidad Garcilazo de la Vega, Universidad San Martin de Porres, Universidad Nacional de Educaci\u00f3n Enrique Guzm\u00e1n y Valle, Universidad Cat\u00f3lica del Per\u00fa. Sus grados obtenidos son: Contador P\u00fablico, Magister en contabilidad, Doctorado en contabilidad.<\/p>\t\t\t\t\t\t\t\t<\/div>\n\t\t\t\t<\/div>\n\t\t\t\t\t<\/div>\n\t\t<\/div>\n\t\t\t\t<div class=\"elementor-column elementor-col-33 elementor-top-column elementor-element elementor-element-f0840ce\" data-id=\"f0840ce\" data-element_type=\"column\">\n\t\t\t<div class=\"elementor-widget-wrap elementor-element-populated\">\n\t\t\t\t\t\t<div class=\"elementor-element elementor-element-9e72875 elementor-widget elementor-widget-image\" data-id=\"9e72875\" data-element_type=\"widget\" data-widget_type=\"image.default\">\n\t\t\t\t<div class=\"elementor-widget-container\">\n\t\t\t\t\t\t\t\t\t\t\t\t\t\t\t<img loading=\"lazy\" decoding=\"async\" width=\"326\" height=\"326\" src=\"https:\/\/wp.lamolina.edu.pe\/unidad_posgradofep\/maestria_administracion\/wp-content\/uploads\/2025\/01\/pablo-lavado.jpeg\" class=\"attachment-full size-full wp-image-741\" alt=\"\" srcset=\"https:\/\/wp.lamolina.edu.pe\/unidad_posgradofep\/maestria_administracion\/wp-content\/uploads\/2025\/01\/pablo-lavado.jpeg 326w, https:\/\/wp.lamolina.edu.pe\/unidad_posgradofep\/maestria_administracion\/wp-content\/uploads\/2025\/01\/pablo-lavado-300x300.jpeg 300w, https:\/\/wp.lamolina.edu.pe\/unidad_posgradofep\/maestria_administracion\/wp-content\/uploads\/2025\/01\/pablo-lavado-150x150.jpeg 150w\" sizes=\"(max-width: 326px) 100vw, 326px\" \/>\t\t\t\t\t\t\t\t\t\t\t\t\t\t\t<\/div>\n\t\t\t\t<\/div>\n\t\t\t\t<div class=\"elementor-element elementor-element-e96c410 elementor-widget elementor-widget-heading\" data-id=\"e96c410\" data-element_type=\"widget\" data-widget_type=\"heading.default\">\n\t\t\t\t<div class=\"elementor-widget-container\">\n\t\t\t\t\t<h2 class=\"elementor-heading-title elementor-size-default\">Dr. Pablo Augusto Lavado de La Puente<\/h2>\t\t\t\t<\/div>\n\t\t\t\t<\/div>\n\t\t\t\t<div class=\"elementor-element elementor-element-3b3d397 elementor-widget elementor-widget-text-editor\" data-id=\"3b3d397\" data-element_type=\"widget\" data-widget_type=\"text-editor.default\">\n\t\t\t\t<div class=\"elementor-widget-container\">\n\t\t\t\t\t\t\t\t\t<p>Docente con experiencia en la gerencia de temas de calidad a trav\u00e9s de la mejora continua de los procesos. Con capacidad de identificar necesidades en la gesti\u00f3n del talento humano para desarrollar habilidades directivas en las personas. Su formaci\u00f3n acad\u00e9mica la ha realizado en instituciones como: Universidad Nacional Agraria La Molina, Universidad de San Mart\u00edn de Porres, ESAN Graduate School of Business, Universit\u00e9 du Qu\u00e9bec \u00e1 Montr\u00e9al (Canad\u00e1). Sus grados obtenidos son: Zootecnia, Maestr\u00eda en Administraci\u00f3n, Maitre en Administration des Affaires (MBA), Doctorado en Contabilidad y Finanzas.<\/p>\t\t\t\t\t\t\t\t<\/div>\n\t\t\t\t<\/div>\n\t\t\t\t\t<\/div>\n\t\t<\/div>\n\t\t\t\t<div class=\"elementor-column elementor-col-33 elementor-top-column elementor-element elementor-element-13a5f46\" data-id=\"13a5f46\" data-element_type=\"column\">\n\t\t\t<div class=\"elementor-widget-wrap elementor-element-populated\">\n\t\t\t\t\t\t<div class=\"elementor-element elementor-element-2f5ce3e elementor-widget elementor-widget-image\" data-id=\"2f5ce3e\" data-element_type=\"widget\" data-widget_type=\"image.default\">\n\t\t\t\t<div class=\"elementor-widget-container\">\n\t\t\t\t\t\t\t\t\t\t\t\t\t\t\t<img loading=\"lazy\" decoding=\"async\" width=\"300\" height=\"299\" src=\"https:\/\/wp.lamolina.edu.pe\/unidad_posgradofep\/maestria_administracion\/wp-content\/uploads\/2025\/01\/profesor-2.jpg\" class=\"attachment-full size-full wp-image-958\" alt=\"\" srcset=\"https:\/\/wp.lamolina.edu.pe\/unidad_posgradofep\/maestria_administracion\/wp-content\/uploads\/2025\/01\/profesor-2.jpg 300w, https:\/\/wp.lamolina.edu.pe\/unidad_posgradofep\/maestria_administracion\/wp-content\/uploads\/2025\/01\/profesor-2-150x150.jpg 150w\" sizes=\"(max-width: 300px) 100vw, 300px\" \/>\t\t\t\t\t\t\t\t\t\t\t\t\t\t\t<\/div>\n\t\t\t\t<\/div>\n\t\t\t\t<div class=\"elementor-element elementor-element-472374f elementor-widget elementor-widget-heading\" data-id=\"472374f\" data-element_type=\"widget\" data-widget_type=\"heading.default\">\n\t\t\t\t<div class=\"elementor-widget-container\">\n\t\t\t\t\t<h2 class=\"elementor-heading-title elementor-size-default\">Mg.Sc. Miguel \u00c1ngel Alc\u00e1ntara Santill\u00e1n<\/h2>\t\t\t\t<\/div>\n\t\t\t\t<\/div>\n\t\t\t\t<div class=\"elementor-element elementor-element-230af24 elementor-widget elementor-widget-text-editor\" data-id=\"230af24\" data-element_type=\"widget\" data-widget_type=\"text-editor.default\">\n\t\t\t\t<div class=\"elementor-widget-container\">\n\t\t\t\t\t\t\t\t\t<p>Docente investigador con art\u00edculos sobre Mercado de Trabajo, Pobreza y Distribuci\u00f3n del Ingreso. Docente en la Universidad Nacional Agraria La Molina, con cargos anteriores como Jefe de la Oficina Administrativa de la UNALM, coordinador de las Maestr\u00edas de Econom\u00eda Agr\u00edcola, de Nutrici\u00f3n P\u00fablica y de Econom\u00eda de los Recursos Naturales y el Medio Ambiente de la UNALM, etc. Su formaci\u00f3n acad\u00e9mica se ha realizado en instituciones como Universidad Nacional Federico Villareal, Universidad Nacional Agraria La Molina. Los grados obtenidos son: Economista, Mg. Sc. en Econom\u00eda Agr\u00edcola, Doctorado en Econom\u00eda.<\/p>\t\t\t\t\t\t\t\t<\/div>\n\t\t\t\t<\/div>\n\t\t\t\t\t<\/div>\n\t\t<\/div>\n\t\t\t\t\t<\/div>\n\t\t<\/section>\n\t\t\t\t<section class=\"elementor-section elementor-top-section elementor-element elementor-element-1cd1960 elementor-section-boxed elementor-section-height-default elementor-section-height-default\" data-id=\"1cd1960\" data-element_type=\"section\">\n\t\t\t\t\t\t<div class=\"elementor-container elementor-column-gap-default\">\n\t\t\t\t\t<div class=\"elementor-column elementor-col-50 elementor-top-column elementor-element elementor-element-de711a6\" data-id=\"de711a6\" data-element_type=\"column\">\n\t\t\t<div class=\"elementor-widget-wrap elementor-element-populated\">\n\t\t\t\t\t\t<div class=\"elementor-element elementor-element-717e5d6 elementor-widget elementor-widget-image\" data-id=\"717e5d6\" data-element_type=\"widget\" data-widget_type=\"image.default\">\n\t\t\t\t<div class=\"elementor-widget-container\">\n\t\t\t\t\t\t\t\t\t\t\t\t\t\t\t<img loading=\"lazy\" decoding=\"async\" width=\"800\" height=\"800\" src=\"https:\/\/wp.lamolina.edu.pe\/unidad_posgradofep\/maestria_administracion\/wp-content\/uploads\/2025\/01\/julissa-pezo-jimenez.jpeg\" class=\"attachment-full size-full wp-image-739\" alt=\"\" srcset=\"https:\/\/wp.lamolina.edu.pe\/unidad_posgradofep\/maestria_administracion\/wp-content\/uploads\/2025\/01\/julissa-pezo-jimenez.jpeg 800w, https:\/\/wp.lamolina.edu.pe\/unidad_posgradofep\/maestria_administracion\/wp-content\/uploads\/2025\/01\/julissa-pezo-jimenez-300x300.jpeg 300w, https:\/\/wp.lamolina.edu.pe\/unidad_posgradofep\/maestria_administracion\/wp-content\/uploads\/2025\/01\/julissa-pezo-jimenez-150x150.jpeg 150w, https:\/\/wp.lamolina.edu.pe\/unidad_posgradofep\/maestria_administracion\/wp-content\/uploads\/2025\/01\/julissa-pezo-jimenez-768x768.jpeg 768w, https:\/\/wp.lamolina.edu.pe\/unidad_posgradofep\/maestria_administracion\/wp-content\/uploads\/2025\/01\/julissa-pezo-jimenez-480x480.jpeg 480w\" sizes=\"(max-width: 800px) 100vw, 800px\" \/>\t\t\t\t\t\t\t\t\t\t\t\t\t\t\t<\/div>\n\t\t\t\t<\/div>\n\t\t\t\t<div class=\"elementor-element elementor-element-7d7833a elementor-widget elementor-widget-heading\" data-id=\"7d7833a\" data-element_type=\"widget\" data-widget_type=\"heading.default\">\n\t\t\t\t<div class=\"elementor-widget-container\">\n\t\t\t\t\t<h2 class=\"elementor-heading-title elementor-size-default\">MBA Julissa Paola Pezo Jim\u00e9nez<\/h2>\t\t\t\t<\/div>\n\t\t\t\t<\/div>\n\t\t\t\t<div class=\"elementor-element elementor-element-fd82db8 elementor-widget elementor-widget-text-editor\" data-id=\"fd82db8\" data-element_type=\"widget\" data-widget_type=\"text-editor.default\">\n\t\t\t\t<div class=\"elementor-widget-container\">\n\t\t\t\t\t\t\t\t\t<p>Docente con 14 a\u00f1os de experiencia profesional en energ\u00eda, construcci\u00f3n, ingenier\u00eda y banca. Con amplia formaci\u00f3n acad\u00e9mica en finanzas, gesti\u00f3n p\u00fablica, gesti\u00f3n de proyectos y log\u00edstica en instituciones como Universidad Nacional Agraria la Molina \u2013 UNALM y ESAN Graduate School of Business. Los grados obtenidos son: Ingenier\u00eda en Gesti\u00f3n Empresarial y MBA con Menci\u00f3n en Formulaci\u00f3n y Evaluaci\u00f3n de Proyectos.<\/p>\t\t\t\t\t\t\t\t<\/div>\n\t\t\t\t<\/div>\n\t\t\t\t\t<\/div>\n\t\t<\/div>\n\t\t\t\t<div class=\"elementor-column elementor-col-50 elementor-top-column elementor-element elementor-element-2fbc5ef\" data-id=\"2fbc5ef\" data-element_type=\"column\">\n\t\t\t<div class=\"elementor-widget-wrap elementor-element-populated\">\n\t\t\t\t\t\t<div class=\"elementor-element elementor-element-d119beb elementor-widget elementor-widget-image\" data-id=\"d119beb\" data-element_type=\"widget\" data-widget_type=\"image.default\">\n\t\t\t\t<div class=\"elementor-widget-container\">\n\t\t\t\t\t\t\t\t\t\t\t\t\t\t\t<img loading=\"lazy\" decoding=\"async\" width=\"367\" height=\"367\" src=\"https:\/\/wp.lamolina.edu.pe\/unidad_posgradofep\/maestria_administracion\/wp-content\/uploads\/2025\/01\/pablo-noriega.jpeg\" class=\"attachment-full size-full wp-image-742\" alt=\"\" srcset=\"https:\/\/wp.lamolina.edu.pe\/unidad_posgradofep\/maestria_administracion\/wp-content\/uploads\/2025\/01\/pablo-noriega.jpeg 367w, https:\/\/wp.lamolina.edu.pe\/unidad_posgradofep\/maestria_administracion\/wp-content\/uploads\/2025\/01\/pablo-noriega-300x300.jpeg 300w, https:\/\/wp.lamolina.edu.pe\/unidad_posgradofep\/maestria_administracion\/wp-content\/uploads\/2025\/01\/pablo-noriega-150x150.jpeg 150w\" sizes=\"(max-width: 367px) 100vw, 367px\" \/>\t\t\t\t\t\t\t\t\t\t\t\t\t\t\t<\/div>\n\t\t\t\t<\/div>\n\t\t\t\t<div class=\"elementor-element elementor-element-9775b6d elementor-widget elementor-widget-heading\" data-id=\"9775b6d\" data-element_type=\"widget\" data-widget_type=\"heading.default\">\n\t\t\t\t<div class=\"elementor-widget-container\">\n\t\t\t\t\t<h2 class=\"elementor-heading-title elementor-size-default\">Mg. Pablo Enrique Noriega Escobedo<\/h2>\t\t\t\t<\/div>\n\t\t\t\t<\/div>\n\t\t\t\t<div class=\"elementor-element elementor-element-0dd2a29 elementor-widget elementor-widget-text-editor\" data-id=\"0dd2a29\" data-element_type=\"widget\" data-widget_type=\"text-editor.default\">\n\t\t\t\t<div class=\"elementor-widget-container\">\n\t\t\t\t\t\t\t\t\t<p>Docente con amplia experiencia en direcci\u00f3n de equipos de trabajo multidisciplinarios mediante el enfoque de liderazgo participativo, innovaci\u00f3n, orientado a resultados en proyectos del \u00e1rea de Tecnolog\u00eda de la Informaci\u00f3n (TI) y otras como Recursos Humanos y Financiera para la consecuci\u00f3n r\u00e1pida y oportuna de toma de decisiones. Su formaci\u00f3n acad\u00e9mica la ha realizado en instituciones como: Marina de Guerra del Per\u00fa, Pontificia Universidad Cat\u00f3lica del Per\u00fa, Escuela de Organizaci\u00f3n Industrial (Espa\u00f1a), Universidad Peruanade Ciencias Aplicadas. Los grados obtenidos son: Ingenier\u00eda de Sistemas, Mag\u00edster en Inform\u00e1tica, Master en Gerencia y Administraci\u00f3n, MBA.<\/p>\t\t\t\t\t\t\t\t<\/div>\n\t\t\t\t<\/div>\n\t\t\t\t\t<\/div>\n\t\t<\/div>\n\t\t\t\t\t<\/div>\n\t\t<\/section>\n\t\t\t\t<section class=\"elementor-section elementor-top-section elementor-element elementor-element-0416094 elementor-section-boxed elementor-section-height-default elementor-section-height-default\" data-id=\"0416094\" data-element_type=\"section\">\n\t\t\t\t\t\t<div class=\"elementor-container elementor-column-gap-default\">\n\t\t\t\t\t<div class=\"elementor-column elementor-col-50 elementor-top-column elementor-element elementor-element-68dd57c\" data-id=\"68dd57c\" data-element_type=\"column\">\n\t\t\t<div class=\"elementor-widget-wrap elementor-element-populated\">\n\t\t\t\t\t\t<div class=\"elementor-element elementor-element-d9e79d6 elementor-widget elementor-widget-image\" data-id=\"d9e79d6\" data-element_type=\"widget\" data-widget_type=\"image.default\">\n\t\t\t\t<div class=\"elementor-widget-container\">\n\t\t\t\t\t\t\t\t\t\t\t\t\t\t\t<img loading=\"lazy\" decoding=\"async\" width=\"1146\" height=\"1146\" src=\"https:\/\/wp.lamolina.edu.pe\/unidad_posgradofep\/maestria_administracion\/wp-content\/uploads\/2025\/02\/altamirano.jpeg\" class=\"attachment-full size-full wp-image-1045\" alt=\"\" srcset=\"https:\/\/wp.lamolina.edu.pe\/unidad_posgradofep\/maestria_administracion\/wp-content\/uploads\/2025\/02\/altamirano.jpeg 1146w, https:\/\/wp.lamolina.edu.pe\/unidad_posgradofep\/maestria_administracion\/wp-content\/uploads\/2025\/02\/altamirano-300x300.jpeg 300w, https:\/\/wp.lamolina.edu.pe\/unidad_posgradofep\/maestria_administracion\/wp-content\/uploads\/2025\/02\/altamirano-1024x1024.jpeg 1024w, https:\/\/wp.lamolina.edu.pe\/unidad_posgradofep\/maestria_administracion\/wp-content\/uploads\/2025\/02\/altamirano-150x150.jpeg 150w, https:\/\/wp.lamolina.edu.pe\/unidad_posgradofep\/maestria_administracion\/wp-content\/uploads\/2025\/02\/altamirano-768x768.jpeg 768w, https:\/\/wp.lamolina.edu.pe\/unidad_posgradofep\/maestria_administracion\/wp-content\/uploads\/2025\/02\/altamirano-1080x1080.jpeg 1080w, https:\/\/wp.lamolina.edu.pe\/unidad_posgradofep\/maestria_administracion\/wp-content\/uploads\/2025\/02\/altamirano-980x980.jpeg 980w, https:\/\/wp.lamolina.edu.pe\/unidad_posgradofep\/maestria_administracion\/wp-content\/uploads\/2025\/02\/altamirano-480x480.jpeg 480w\" sizes=\"(max-width: 1146px) 100vw, 1146px\" \/>\t\t\t\t\t\t\t\t\t\t\t\t\t\t\t<\/div>\n\t\t\t\t<\/div>\n\t\t\t\t<div class=\"elementor-element elementor-element-57f4e5c elementor-widget elementor-widget-heading\" data-id=\"57f4e5c\" data-element_type=\"widget\" data-widget_type=\"heading.default\">\n\t\t\t\t<div class=\"elementor-widget-container\">\n\t\t\t\t\t<h2 class=\"elementor-heading-title elementor-size-default\">Dr. Ernesto Altamirano Flores<\/h2>\t\t\t\t<\/div>\n\t\t\t\t<\/div>\n\t\t\t\t<div class=\"elementor-element elementor-element-507fcfb elementor-widget elementor-widget-text-editor\" data-id=\"507fcfb\" data-element_type=\"widget\" data-widget_type=\"text-editor.default\">\n\t\t\t\t<div class=\"elementor-widget-container\">\n\t\t\t\t\t\t\t\t\t<p>Docente con de 10 a\u00f1os de experiencia en entidades gubernamentales y privadas con cargos como: Supervisor del ministerio de trabajo y promoci\u00f3n del empleo, programa joven a la obra, asesor y facilitador, consultor de proyectos productivos, gerente comercial y marketing, jefe de control de calidad entre otros. Docente investigador RENACYT con art\u00edculos cient\u00edficos publicados en revistas indexadas. Su formaci\u00f3n acad\u00e9mica la ha realizado en instituciones como: Universidad Nacional Mayor de San Marcos, Universidad Nacional de San Crist\u00f3bal de Huamanga, Universidad Nacional Agraria la Molina. Sus grados obtenidos son: Ingeniero Agroindustrial, Magister Scientiae en Agronegocios, Doctor en Gesti\u00f3n de Empresas.<\/p>\t\t\t\t\t\t\t\t<\/div>\n\t\t\t\t<\/div>\n\t\t\t\t\t<\/div>\n\t\t<\/div>\n\t\t\t\t<div class=\"elementor-column elementor-col-50 elementor-top-column elementor-element elementor-element-d059bfa\" data-id=\"d059bfa\" data-element_type=\"column\">\n\t\t\t<div class=\"elementor-widget-wrap elementor-element-populated\">\n\t\t\t\t\t\t<div class=\"elementor-element elementor-element-eab8acd elementor-widget elementor-widget-image\" data-id=\"eab8acd\" data-element_type=\"widget\" data-widget_type=\"image.default\">\n\t\t\t\t<div class=\"elementor-widget-container\">\n\t\t\t\t\t\t\t\t\t\t\t\t\t\t\t<img loading=\"lazy\" decoding=\"async\" width=\"1105\" height=\"1105\" src=\"https:\/\/wp.lamolina.edu.pe\/unidad_posgradofep\/maestria_administracion\/wp-content\/uploads\/2025\/02\/miguel.jpeg\" class=\"attachment-full size-full wp-image-1046\" alt=\"\" srcset=\"https:\/\/wp.lamolina.edu.pe\/unidad_posgradofep\/maestria_administracion\/wp-content\/uploads\/2025\/02\/miguel.jpeg 1105w, https:\/\/wp.lamolina.edu.pe\/unidad_posgradofep\/maestria_administracion\/wp-content\/uploads\/2025\/02\/miguel-300x300.jpeg 300w, https:\/\/wp.lamolina.edu.pe\/unidad_posgradofep\/maestria_administracion\/wp-content\/uploads\/2025\/02\/miguel-1024x1024.jpeg 1024w, https:\/\/wp.lamolina.edu.pe\/unidad_posgradofep\/maestria_administracion\/wp-content\/uploads\/2025\/02\/miguel-150x150.jpeg 150w, https:\/\/wp.lamolina.edu.pe\/unidad_posgradofep\/maestria_administracion\/wp-content\/uploads\/2025\/02\/miguel-768x768.jpeg 768w, https:\/\/wp.lamolina.edu.pe\/unidad_posgradofep\/maestria_administracion\/wp-content\/uploads\/2025\/02\/miguel-1080x1080.jpeg 1080w, https:\/\/wp.lamolina.edu.pe\/unidad_posgradofep\/maestria_administracion\/wp-content\/uploads\/2025\/02\/miguel-980x980.jpeg 980w, https:\/\/wp.lamolina.edu.pe\/unidad_posgradofep\/maestria_administracion\/wp-content\/uploads\/2025\/02\/miguel-480x480.jpeg 480w\" sizes=\"(max-width: 1105px) 100vw, 1105px\" \/>\t\t\t\t\t\t\t\t\t\t\t\t\t\t\t<\/div>\n\t\t\t\t<\/div>\n\t\t\t\t<div class=\"elementor-element elementor-element-8edcdd6 elementor-widget elementor-widget-heading\" data-id=\"8edcdd6\" data-element_type=\"widget\" data-widget_type=\"heading.default\">\n\t\t\t\t<div class=\"elementor-widget-container\">\n\t\t\t\t\t<h2 class=\"elementor-heading-title elementor-size-default\">MBA Miguel Angel Rodriguez Mendoza<\/h2>\t\t\t\t<\/div>\n\t\t\t\t<\/div>\n\t\t\t\t<div class=\"elementor-element elementor-element-2246bc8 elementor-widget elementor-widget-text-editor\" data-id=\"2246bc8\" data-element_type=\"widget\" data-widget_type=\"text-editor.default\">\n\t\t\t\t<div class=\"elementor-widget-container\">\n\t\t\t\t\t\t\t\t\t<p>Docente con amplia experiencia en Auditor\u00eda Interna, An\u00e1lisis Financiero y Marketing Estrat\u00e9gico. Su campo de dominio incluye temas como modelos de negocios, manejo de marca, investigaci\u00f3n de mercados, evaluaci\u00f3n financiera y control interno, dominando sistemas ERP, CRM y BI. Su formaci\u00f3n acad\u00e9mica la ha realizado en instituciones como: Universidad Nacional Agraria la Molina, Universidad ESAN, Universidad UPC, MBA Full Time, Universidad ESAN, Imperial College, Londres \u2013 Reino Unido. Sus grados obtenidos son: Ingeniero en Gesti\u00f3n Empresarial, Maestr\u00eda en Administraci\u00f3n de Negocios, especializaciones en Marketing y Finanzas, Especializaci\u00f3n en Marketing, Especializaci\u00f3n en Finanzas.\u00a0<\/p>\t\t\t\t\t\t\t\t<\/div>\n\t\t\t\t<\/div>\n\t\t\t\t\t<\/div>\n\t\t<\/div>\n\t\t\t\t\t<\/div>\n\t\t<\/section>\n\t\t\t\t<\/div>\n\t\t","protected":false},"excerpt":{"rendered":"<p>Conoce a nuestros docentes l\u00edderes en su campo Con experiencia internacional y una visi\u00f3n pr\u00e1ctica, la plana docente de la Maestr\u00eda en Administraci\u00f3n te guiar\u00e1 hacia un aprendizaje transformador. Dra. Elvira C\u00e1ceres Cayllahua Coordinadora de la Maestr\u00eda. Docente con m\u00e1s de 8 a\u00f1os de experiencia en la docencia universitaria. Investigadora RENACYT con publicaciones en revistas [&hellip;]<\/p>\n","protected":false},"author":1,"featured_media":0,"parent":0,"menu_order":0,"comment_status":"closed","ping_status":"closed","template":"elementor_header_footer","meta":{"footnotes":""},"class_list":["post-966","page","type-page","status-publish","hentry"],"_links":{"self":[{"href":"https:\/\/wp.lamolina.edu.pe\/unidad_posgradofep\/maestria_administracion\/index.php?rest_route=\/wp\/v2\/pages\/966","targetHints":{"allow":["GET"]}}],"collection":[{"href":"https:\/\/wp.lamolina.edu.pe\/unidad_posgradofep\/maestria_administracion\/index.php?rest_route=\/wp\/v2\/pages"}],"about":[{"href":"https:\/\/wp.lamolina.edu.pe\/unidad_posgradofep\/maestria_administracion\/index.php?rest_route=\/wp\/v2\/types\/page"}],"author":[{"embeddable":true,"href":"https:\/\/wp.lamolina.edu.pe\/unidad_posgradofep\/maestria_administracion\/index.php?rest_route=\/wp\/v2\/users\/1"}],"replies":[{"embeddable":true,"href":"https:\/\/wp.lamolina.edu.pe\/unidad_posgradofep\/maestria_administracion\/index.php?rest_route=%2Fwp%2Fv2%2Fcomments&post=966"}],"version-history":[{"count":28,"href":"https:\/\/wp.lamolina.edu.pe\/unidad_posgradofep\/maestria_administracion\/index.php?rest_route=\/wp\/v2\/pages\/966\/revisions"}],"predecessor-version":[{"id":1230,"href":"https:\/\/wp.lamolina.edu.pe\/unidad_posgradofep\/maestria_administracion\/index.php?rest_route=\/wp\/v2\/pages\/966\/revisions\/1230"}],"wp:attachment":[{"href":"https:\/\/wp.lamolina.edu.pe\/unidad_posgradofep\/maestria_administracion\/index.php?rest_route=%2Fwp%2Fv2%2Fmedia&parent=966"}],"curies":[{"name":"wp","href":"https:\/\/api.w.org\/{rel}","templated":true}]}}