{"id":968,"date":"2025-01-28T03:12:53","date_gmt":"2025-01-28T03:12:53","guid":{"rendered":"http:\/\/web.lamolina.edu.pe\/unidad_posgradofep\/maestria_administracion\/?page_id=968"},"modified":"2026-01-12T15:35:55","modified_gmt":"2026-01-12T15:35:55","slug":"admision","status":"publish","type":"page","link":"https:\/\/wp.lamolina.edu.pe\/unidad_posgradofep\/maestria_administracion\/?page_id=968","title":{"rendered":"Admisi\u00f3n"},"content":{"rendered":"\t\t<div data-elementor-type=\"wp-page\" data-elementor-id=\"968\" class=\"elementor elementor-968\" data-elementor-post-type=\"page\">\n\t\t\t\t\t\t<section class=\"elementor-section elementor-top-section elementor-element elementor-element-56e4e06 elementor-section-boxed elementor-section-height-default elementor-section-height-default\" data-id=\"56e4e06\" data-element_type=\"section\">\n\t\t\t\t\t\t<div class=\"elementor-container elementor-column-gap-default\">\n\t\t\t\t\t<div class=\"elementor-column elementor-col-100 elementor-top-column elementor-element elementor-element-69f6ca3\" data-id=\"69f6ca3\" data-element_type=\"column\">\n\t\t\t<div class=\"elementor-widget-wrap elementor-element-populated\">\n\t\t\t\t\t\t<div class=\"elementor-element elementor-element-9efde5c elementor-widget elementor-widget-heading\" data-id=\"9efde5c\" data-element_type=\"widget\" data-widget_type=\"heading.default\">\n\t\t\t\t<div class=\"elementor-widget-container\">\n\t\t\t\t\t<h2 class=\"elementor-heading-title elementor-size-default\">Calendario de Admisi\u00f3n 2026 - I<\/h2>\t\t\t\t<\/div>\n\t\t\t\t<\/div>\n\t\t\t\t<div class=\"elementor-element elementor-element-d809745 elementor-widget elementor-widget-text-editor\" data-id=\"d809745\" data-element_type=\"widget\" data-widget_type=\"text-editor.default\">\n\t\t\t\t<div class=\"elementor-widget-container\">\n\t\t\t\t\t\t\t\t\t<table><tbody><tr class=\"su-even\"><td><strong>Mes<\/strong><\/td><td><strong>Dia<\/strong><\/td><td><strong>Actividad<\/strong><\/td><\/tr><tr><td rowspan=\"1\" valign=\"middle\"><strong>Setiembre 2025<\/strong><\/td><td>01<\/td><td>Inicia la inscripci\u00f3n en el PROCESO DE ADMISI\u00d3N<\/td><\/tr><tr class=\"su-even\"><td rowspan=\"6\" valign=\"middle\"><strong>Marzo 2026<\/strong><\/td><td>07<\/td><td>\u00daltimo d\u00eda para la inscripci\u00f3n en el PROCESO DE ADMISI\u00d3N<\/td><\/tr><tr><td>10-11<\/td><td>Evaluaciones y\/o Entrevistas de los Postulantes<\/td><\/tr><tr class=\"su-even\"><td>13<\/td><td>Directorio Extraordinario para la aprobaci\u00f3n de los Ingresantes<\/td><\/tr><tr><td>23<\/td><td>Charla Informativa y Bienvenida para los Ingresantes<\/td><\/tr><tr class=\"su-even\"><td>17-21<\/td><td>PROCESO DE MATR\u00cdCULA (Cursos Semestrales y Modulares)<\/td><\/tr><tr><td>\u00a023<\/td><td>INICIO DE CLASES PRIMER SEMESTRE<\/td><\/tr><\/tbody><\/table>\t\t\t\t\t\t\t\t<\/div>\n\t\t\t\t<\/div>\n\t\t\t\t\t<\/div>\n\t\t<\/div>\n\t\t\t\t\t<\/div>\n\t\t<\/section>\n\t\t\t\t<section class=\"elementor-section elementor-top-section elementor-element elementor-element-15c36c5 elementor-section-boxed elementor-section-height-default elementor-section-height-default\" data-id=\"15c36c5\" data-element_type=\"section\">\n\t\t\t\t\t\t<div class=\"elementor-container elementor-column-gap-default\">\n\t\t\t\t\t<div class=\"elementor-column elementor-col-100 elementor-top-column elementor-element elementor-element-42ceb6d\" data-id=\"42ceb6d\" data-element_type=\"column\">\n\t\t\t<div class=\"elementor-widget-wrap elementor-element-populated\">\n\t\t\t\t\t\t<div class=\"elementor-element elementor-element-a9a167f elementor-widget elementor-widget-heading\" data-id=\"a9a167f\" data-element_type=\"widget\" data-widget_type=\"heading.default\">\n\t\t\t\t<div class=\"elementor-widget-container\">\n\t\t\t\t\t<h2 class=\"elementor-heading-title elementor-size-default\">Calendario Acad\u00e9mico 2026 - I<\/h2>\t\t\t\t<\/div>\n\t\t\t\t<\/div>\n\t\t\t\t<div class=\"elementor-element elementor-element-fe5a942 elementor-widget elementor-widget-text-editor\" data-id=\"fe5a942\" data-element_type=\"widget\" data-widget_type=\"text-editor.default\">\n\t\t\t\t<div class=\"elementor-widget-container\">\n\t\t\t\t\t\t\t\t\t<table border=\"0\" width=\"502\" cellspacing=\"0\" cellpadding=\"0\" align=\"center\"><tbody><tr class=\"su-even\" bgcolor=\"#CCCCCC\"><td width=\"92\"><strong>MES<\/strong><\/td><td width=\"132\"><p align=\"center\"><strong>D\u00cdA<\/strong><\/p><\/td><td width=\"269\"><p align=\"center\"><strong>ACTIVIDAD<\/strong><\/p><\/td><\/tr><tr><td rowspan=\"4\" align=\"center\" valign=\"middle\" bgcolor=\"#CCCCCC\" width=\"92\"><p align=\"center\"><strong>Marzo<\/strong><\/p><\/td><td valign=\"top\" width=\"132\" height=\"36\"><p align=\"center\">09<\/p><\/td><td valign=\"top\" width=\"269\">\u00daltimo d\u00eda para la presentaci\u00f3n de Programas de Estudio, Solicitudes de Reincorporaci\u00f3n y Traslado Interno.<\/td><\/tr><tr class=\"su-even\"><td valign=\"top\" bgcolor=\"#CCCCCC\" width=\"132\"><p align=\"center\">17\u201321<\/p><\/td><td valign=\"top\" bgcolor=\"#CCCCCC\" width=\"269\">PROCESO DE MATR\u00cdCULA (Cursos Semestrales y Modulares)<\/td><\/tr><tr><td valign=\"top\" bgcolor=\"#ffffff\" width=\"132\"><p align=\"center\">23<\/p><\/td><td valign=\"top\" bgcolor=\"#ffffff\" width=\"269\">INICIO DE CLASES PRIMER SEMESTRE<\/td><\/tr><tr class=\"su-even\"><td valign=\"top\" bgcolor=\"#CCCCCC\" width=\"132\"><p align=\"center\">23-28<\/p><\/td><td valign=\"top\" bgcolor=\"#CCCCCC\" width=\"269\">Proceso de MATR\u00cdCULA EXTEMPOR\u00c1NEA<\/td><\/tr><tr><td rowspan=\"1\" align=\"center\" valign=\"middle\" bgcolor=\"#cccccc\" width=\"92\"><p align=\"center\"><strong>Junio<\/strong><\/p><\/td><td valign=\"top\" width=\"132\"><p align=\"center\">26<\/p><\/td><td valign=\"top\" width=\"269\">\u00daltimo d\u00eda del Proceso de RETIRO DE\u00a0ASIGNATURA<\/td><\/tr><tr class=\"su-even\"><td rowspan=\"3\" align=\"center\" valign=\"middle\" bgcolor=\"#CCCCCC\" width=\"92\"><p align=\"center\"><strong>Julio<\/strong><\/p><\/td><td valign=\"top\" bgcolor=\"#CCCCCC\" width=\"132\"><p align=\"center\">26<\/p><\/td><td valign=\"top\" bgcolor=\"#CCCCCC\" width=\"269\">\u00daltimo d\u00eda para presentar solicitudes de RETIRO DE SEMESTRE<\/td><\/tr><tr><td valign=\"top\" bgcolor=\"#ffffff\" width=\"132\"><p align=\"center\">26<\/p><\/td><td valign=\"top\" bgcolor=\"#ffffff\" width=\"269\">FIN DE CLASES PRIMER SEMESTRE<\/td><\/tr><tr class=\"su-even\"><td valign=\"top\" bgcolor=\"#CCCCCC\" width=\"132\"><p align=\"center\">31<\/p><\/td><td valign=\"top\" bgcolor=\"#CCCCCC\" width=\"269\">Vence el plazo para la recepci\u00f3n de solicitudes de Ayudas Econ\u00f3micas para alumnos y personal de la UNALM, 2026-II<\/td><\/tr><tr><td rowspan=\"5\" align=\"center\" valign=\"middle\" bgcolor=\"#CCCCCC\" width=\"92\"><p align=\"center\"><strong>Agosto<\/strong><\/p><\/td><td valign=\"top\" width=\"132\"><p align=\"center\">01<\/p><\/td><td valign=\"top\" width=\"269\">Ultimo d\u00eda de cierre de ACTAS DE NOTAS VIRTUALES<br \/>(Asignaturas Semestrales y Modulares)*<\/td><\/tr><\/tbody><\/table>\t\t\t\t\t\t\t\t<\/div>\n\t\t\t\t<\/div>\n\t\t\t\t\t<\/div>\n\t\t<\/div>\n\t\t\t\t\t<\/div>\n\t\t<\/section>\n\t\t\t\t<section class=\"elementor-section elementor-top-section elementor-element elementor-element-919a08d elementor-section-boxed elementor-section-height-default elementor-section-height-default\" data-id=\"919a08d\" data-element_type=\"section\">\n\t\t\t\t\t\t<div class=\"elementor-container elementor-column-gap-default\">\n\t\t\t\t\t<div class=\"elementor-column elementor-col-100 elementor-top-column elementor-element elementor-element-8578e3f\" data-id=\"8578e3f\" data-element_type=\"column\">\n\t\t\t<div class=\"elementor-widget-wrap elementor-element-populated\">\n\t\t\t\t\t\t<div class=\"elementor-element elementor-element-71cbc0c elementor-widget elementor-widget-heading\" data-id=\"71cbc0c\" data-element_type=\"widget\" data-widget_type=\"heading.default\">\n\t\t\t\t<div class=\"elementor-widget-container\">\n\t\t\t\t\t<h2 class=\"elementor-heading-title elementor-size-default\">Precio de Postulaci\u00f3n<\/h2>\t\t\t\t<\/div>\n\t\t\t\t<\/div>\n\t\t\t\t<div class=\"elementor-element elementor-element-711342d elementor-widget elementor-widget-text-editor\" data-id=\"711342d\" data-element_type=\"widget\" data-widget_type=\"text-editor.default\">\n\t\t\t\t<div class=\"elementor-widget-container\">\n\t\t\t\t\t\t\t\t\t<p><span style=\"white-space-collapse: preserve;\">Para postular a la Maestr\u00eda en Administraci\u00f3n, se deben pagar los S\/400 por derecho de Admisi\u00f3n a la Escuela de Posgrado de la UNALM. Una vez cancelado ese monto, se procede a recepcionar la documentaci\u00f3n del postulante.<\/span><\/p><p><span style=\"white-space-collapse: preserve;\">Adicionalmente, los montos a pagar en el ciclo acad\u00e9mico son los siguientes:<\/span><\/p>\t\t\t\t\t\t\t\t<\/div>\n\t\t\t\t<\/div>\n\t\t\t\t<div class=\"elementor-element elementor-element-c39ce26 elementor-widget elementor-widget-text-editor\" data-id=\"c39ce26\" data-element_type=\"widget\" data-widget_type=\"text-editor.default\">\n\t\t\t\t<div class=\"elementor-widget-container\">\n\t\t\t\t\t\t\t\t\t<table style=\"color: #dfdfdf; font-family: 'Times New Roman'; font-size: medium; text-align: justify;\" border=\"0\" width=\"472\" cellspacing=\"0\" cellpadding=\"4\" align=\"center\"><tbody><tr class=\"t5negrita\" style=\"font-family: Verdana, Geneva, sans-serif; font-size: 12px; color: #1e5899; font-weight: bold;\"><td colspan=\"2\" align=\"center\" valign=\"middle\" bgcolor=\"#BFC9E3\">ALUMNOS<\/td><\/tr><tr class=\"t5negrita\" style=\"font-family: Verdana, Geneva, sans-serif; font-size: 12px; color: #1e5899; font-weight: bold;\"><th scope=\"row\" align=\"center\" valign=\"middle\" bgcolor=\"#BFC9E3\" width=\"179\" height=\"25\">CONCEPTO<\/th><td align=\"center\" valign=\"middle\" bgcolor=\"#BFC9E3\" width=\"129\">NACIONALES<\/td><td align=\"center\" valign=\"middle\" bgcolor=\"#BFC9E3\" width=\"140\">EXTRANJEROS<\/td><\/tr><tr><th class=\"t5\" style=\"font-family: Verdana, Geneva, sans-serif; font-size: 12px; color: #484848; text-align: justify; line-height: 18px;\" scope=\"row\" align=\"center\" bgcolor=\"#DFDFDF\">Matr\u00edcula<\/th><td class=\"t5Tablas\" style=\"font-family: Verdana, Geneva, sans-serif; font-size: 12px; color: #484848; text-align: center; line-height: 18px;\" align=\"center\" bgcolor=\"#F0F0F0\">S\/. 147.90<\/td><td class=\"t5Tablas\" style=\"font-family: Verdana, Geneva, sans-serif; font-size: 12px; color: #484848; text-align: center; line-height: 18px;\" align=\"center\" bgcolor=\"#F0F0F0\">S\/. 147.90<\/td><\/tr><tr><th class=\"t5\" style=\"font-family: Verdana, Geneva, sans-serif; font-size: 12px; color: #484848; text-align: justify; line-height: 18px;\" scope=\"row\" align=\"center\" bgcolor=\"#DFDFDF\">Precio por credito*<\/th><td class=\"t5Tablas\" style=\"font-family: Verdana, Geneva, sans-serif; font-size: 12px; color: #484848; text-align: center; line-height: 18px;\" align=\"center\" bgcolor=\"#F0F0F0\">S\/. 350.00<\/td><td class=\"t5Tablas\" style=\"font-family: Verdana, Geneva, sans-serif; font-size: 12px; color: #484848; text-align: center; line-height: 18px;\" align=\"center\" bgcolor=\"#F0F0F0\">S\/. 700.00<\/td><\/tr><\/tbody><\/table>\t\t\t\t\t\t\t\t<\/div>\n\t\t\t\t<\/div>\n\t\t\t\t<div class=\"elementor-element elementor-element-ad5be87 elementor-widget elementor-widget-text-editor\" data-id=\"ad5be87\" data-element_type=\"widget\" data-widget_type=\"text-editor.default\">\n\t\t\t\t<div class=\"elementor-widget-container\">\n\t\t\t\t\t\t\t\t\t<p><span style=\"white-space-collapse: preserve;\">*Si se hace el pago del semestre completo en la matr\u00edcula, se obtiene un descuento del 10% del monto total.<\/span><\/p>\t\t\t\t\t\t\t\t<\/div>\n\t\t\t\t<\/div>\n\t\t\t\t\t<\/div>\n\t\t<\/div>\n\t\t\t\t\t<\/div>\n\t\t<\/section>\n\t\t\t\t<section class=\"elementor-section elementor-top-section elementor-element elementor-element-cce7970 elementor-section-boxed elementor-section-height-default elementor-section-height-default\" data-id=\"cce7970\" data-element_type=\"section\">\n\t\t\t\t\t\t<div class=\"elementor-container elementor-column-gap-default\">\n\t\t\t\t\t<div class=\"elementor-column elementor-col-100 elementor-top-column elementor-element elementor-element-fc48d45\" data-id=\"fc48d45\" data-element_type=\"column\">\n\t\t\t<div class=\"elementor-widget-wrap elementor-element-populated\">\n\t\t\t\t\t\t<div class=\"elementor-element elementor-element-693860b elementor-widget elementor-widget-heading\" data-id=\"693860b\" data-element_type=\"widget\" data-widget_type=\"heading.default\">\n\t\t\t\t<div class=\"elementor-widget-container\">\n\t\t\t\t\t<h2 class=\"elementor-heading-title elementor-size-default\">Examen de Admisi\u00f3n<\/h2>\t\t\t\t<\/div>\n\t\t\t\t<\/div>\n\t\t\t\t<div class=\"elementor-element elementor-element-70b87b5 elementor-widget elementor-widget-text-editor\" data-id=\"70b87b5\" data-element_type=\"widget\" data-widget_type=\"text-editor.default\">\n\t\t\t\t<div class=\"elementor-widget-container\">\n\t\t\t\t\t\t\t\t\t<p>Incluye la evaluaci\u00f3n de los expedientes de admisi\u00f3n y una entrevista personal a cargo del comit\u00e9 acad\u00e9mico de la especialidad.<\/p><p>El postulante ser\u00e1 evaluado en:<\/p><ul><li>Entrevista personal donde se evaluar\u00e1 la capacidad e inter\u00e9s del postulante, as\u00ed como su potencial para ocupar cargos ejecutivos empresariales.<\/li><li>Evaluaci\u00f3n del expediente personal.<\/li><\/ul>\t\t\t\t\t\t\t\t<\/div>\n\t\t\t\t<\/div>\n\t\t\t\t\t<\/div>\n\t\t<\/div>\n\t\t\t\t\t<\/div>\n\t\t<\/section>\n\t\t\t\t<section class=\"elementor-section elementor-top-section elementor-element elementor-element-c357395 elementor-section-boxed elementor-section-height-default elementor-section-height-default\" data-id=\"c357395\" data-element_type=\"section\" data-settings=\"{&quot;background_background&quot;:&quot;gradient&quot;}\">\n\t\t\t\t\t\t<div class=\"elementor-container elementor-column-gap-default\">\n\t\t\t\t\t<div class=\"elementor-column elementor-col-100 elementor-top-column elementor-element elementor-element-7bb0da2\" data-id=\"7bb0da2\" data-element_type=\"column\">\n\t\t\t<div class=\"elementor-widget-wrap elementor-element-populated\">\n\t\t\t\t\t\t<div class=\"elementor-element elementor-element-498f39e elementor-widget elementor-widget-heading\" data-id=\"498f39e\" data-element_type=\"widget\" data-widget_type=\"heading.default\">\n\t\t\t\t<div class=\"elementor-widget-container\">\n\t\t\t\t\t<h2 class=\"elementor-heading-title elementor-size-default\">Convi\u00e9rtete en un l\u00edder estrat\u00e9gico preparado para transformar organizaciones y afrontar desaf\u00edos globales.<br>\u00a1\u00danete a nosotros y lidera el cambio!<\/h2>\t\t\t\t<\/div>\n\t\t\t\t<\/div>\n\t\t\t\t<div class=\"elementor-element elementor-element-a7ce2b1 elementor-align-center elementor-widget elementor-widget-button\" data-id=\"a7ce2b1\" data-element_type=\"widget\" data-widget_type=\"button.default\">\n\t\t\t\t<div class=\"elementor-widget-container\">\n\t\t\t\t\t\t\t\t\t<div class=\"elementor-button-wrapper\">\n\t\t\t\t\t<a class=\"elementor-button elementor-button-link elementor-size-sm\" href=\"https:\/\/wa.link\/a6ms6j\">\n\t\t\t\t\t\t<span class=\"elementor-button-content-wrapper\">\n\t\t\t\t\t\t\t\t\t<span class=\"elementor-button-text\">Solicitar Brochure<\/span>\n\t\t\t\t\t<\/span>\n\t\t\t\t\t<\/a>\n\t\t\t\t<\/div>\n\t\t\t\t\t\t\t\t<\/div>\n\t\t\t\t<\/div>\n\t\t\t\t\t<\/div>\n\t\t<\/div>\n\t\t\t\t\t<\/div>\n\t\t<\/section>\n\t\t\t\t<\/div>\n\t\t","protected":false},"excerpt":{"rendered":"<p>Calendario de Admisi\u00f3n 2026 &#8211; I Mes Dia Actividad Setiembre 2025 01 Inicia la inscripci\u00f3n en el PROCESO DE ADMISI\u00d3N Marzo 2026 07 \u00daltimo d\u00eda para la inscripci\u00f3n en el PROCESO DE ADMISI\u00d3N 10-11 Evaluaciones y\/o Entrevistas de los Postulantes 13 Directorio Extraordinario para la aprobaci\u00f3n de los Ingresantes 23 Charla Informativa y Bienvenida para [&hellip;]<\/p>\n","protected":false},"author":1,"featured_media":0,"parent":0,"menu_order":0,"comment_status":"closed","ping_status":"closed","template":"elementor_header_footer","meta":{"footnotes":""},"class_list":["post-968","page","type-page","status-publish","hentry"],"_links":{"self":[{"href":"https:\/\/wp.lamolina.edu.pe\/unidad_posgradofep\/maestria_administracion\/index.php?rest_route=\/wp\/v2\/pages\/968","targetHints":{"allow":["GET"]}}],"collection":[{"href":"https:\/\/wp.lamolina.edu.pe\/unidad_posgradofep\/maestria_administracion\/index.php?rest_route=\/wp\/v2\/pages"}],"about":[{"href":"https:\/\/wp.lamolina.edu.pe\/unidad_posgradofep\/maestria_administracion\/index.php?rest_route=\/wp\/v2\/types\/page"}],"author":[{"embeddable":true,"href":"https:\/\/wp.lamolina.edu.pe\/unidad_posgradofep\/maestria_administracion\/index.php?rest_route=\/wp\/v2\/users\/1"}],"replies":[{"embeddable":true,"href":"https:\/\/wp.lamolina.edu.pe\/unidad_posgradofep\/maestria_administracion\/index.php?rest_route=%2Fwp%2Fv2%2Fcomments&post=968"}],"version-history":[{"count":22,"href":"https:\/\/wp.lamolina.edu.pe\/unidad_posgradofep\/maestria_administracion\/index.php?rest_route=\/wp\/v2\/pages\/968\/revisions"}],"predecessor-version":[{"id":1214,"href":"https:\/\/wp.lamolina.edu.pe\/unidad_posgradofep\/maestria_administracion\/index.php?rest_route=\/wp\/v2\/pages\/968\/revisions\/1214"}],"wp:attachment":[{"href":"https:\/\/wp.lamolina.edu.pe\/unidad_posgradofep\/maestria_administracion\/index.php?rest_route=%2Fwp%2Fv2%2Fmedia&parent=968"}],"curies":[{"name":"wp","href":"https:\/\/api.w.org\/{rel}","templated":true}]}}